{"id":1145,"date":"2024-07-08T17:04:42","date_gmt":"2024-07-08T17:04:42","guid":{"rendered":"https:\/\/localhost\/iliosrestaurante\/?page_id=1145"},"modified":"2024-07-08T18:40:43","modified_gmt":"2024-07-08T18:40:43","slug":"politicas-de-privacidad","status":"publish","type":"page","link":"https:\/\/iliosrestaurante.com.mx\/es\/politicas-de-privacidad\/","title":{"rendered":"pol\u00edticas de privacidad"},"content":{"rendered":"\t\t<div data-elementor-type=\"wp-page\" data-elementor-id=\"1145\" class=\"elementor elementor-1145\">\n\t\t\t\t<div class=\"elementor-element elementor-element-3154311 e-flex e-con-boxed e-con e-parent\" data-id=\"3154311\" data-element_type=\"container\">\n\t\t\t\t\t<div class=\"e-con-inner\">\n\t\t\t\t<div class=\"elementor-element elementor-element-bebfcea elementor-widget elementor-widget-slider_revolution\" data-id=\"bebfcea\" data-element_type=\"widget\" data-widget_type=\"slider_revolution.default\">\n\t\t\t\t<div class=\"elementor-widget-container\">\n\t\t\t\r\n\r\r\n\t\t<div class=\"wp-block-themepunch-revslider\">\n\t\t\t<!-- START bannerdeskpoliticas REVOLUTION SLIDER 6.4.8 --><p class=\"rs-p-wp-fix\"><\/p>\n\t\t\t<rs-module-wrap id=\"rev_slider_11_1_wrapper\" data-source=\"gallery\" style=\"background:transparent;padding:0;margin:0px auto;margin-top:0;margin-bottom:0;\">\n\t\t\t\t<rs-module id=\"rev_slider_11_1\" style=\"\" data-version=\"6.4.8\">\n\t\t\t\t\t<rs-slides>\n\t\t\t\t\t\t<rs-slide data-key=\"rs-19\" data-title=\"Slide\" data-in=\"o:0;\" data-out=\"a:false;\">\n\t\t\t\t\t\t\t<img fetchpriority=\"high\" decoding=\"async\" src=\"\/\/iliosrestaurante.com.mx\/es\/wp-content\/uploads\/sites\/2\/2024\/07\/DSC8972-scaled.webp\" title=\"_DSC8972\" width=\"2560\" height=\"1428\" class=\"rev-slidebg tp-rs-img\" data-no-retina>\n<!---->\t\t\t\t\t\t<\/rs-slide>\n\t\t\t\t\t<\/rs-slides>\n\t\t\t\t<\/rs-module>\n\t\t\t\t<script type=\"text\/javascript\">\n\t\t\t\t\tsetREVStartSize({c: 'rev_slider_11_1',rl:[1240,1240,1240,480],el:[900,900,900,720],gw:[1240,1240,1240,480],gh:[900,900,900,720],type:'hero',justify:'',layout:'fullwidth',mh:\"0\"});\n\t\t\t\t\tvar\trevapi11,\n\t\t\t\t\t\ttpj;\n\t\t\t\t\tfunction revinit_revslider111() {\n\t\t\t\t\tjQuery(function() {\n\t\t\t\t\t\ttpj = jQuery;\n\t\t\t\t\t\trevapi11 = tpj(\"#rev_slider_11_1\");\n\t\t\t\t\t\tif(revapi11==undefined || revapi11.revolution == undefined){\n\t\t\t\t\t\t\trevslider_showDoubleJqueryError(\"rev_slider_11_1\");\n\t\t\t\t\t\t}else{\n\t\t\t\t\t\t\trevapi11.revolution({\n\t\t\t\t\t\t\t\tsliderType:\"hero\",\n\t\t\t\t\t\t\t\tDPR:\"dpr\",\n\t\t\t\t\t\t\t\tsliderLayout:\"fullwidth\",\n\t\t\t\t\t\t\t\tvisibilityLevels:\"1240,1240,1240,480\",\n\t\t\t\t\t\t\t\tgridwidth:\"1240,1240,1240,480\",\n\t\t\t\t\t\t\t\tgridheight:\"900,900,900,720\",\n\t\t\t\t\t\t\t\tperspective:600,\n\t\t\t\t\t\t\t\tperspectiveType:\"global\",\n\t\t\t\t\t\t\t\teditorheight:\"900,768,960,720\",\n\t\t\t\t\t\t\t\tresponsiveLevels:\"1240,1240,1240,480\",\n\t\t\t\t\t\t\t\tprogressBar:{disableProgressBar:true},\n\t\t\t\t\t\t\t\tnavigation: {\n\t\t\t\t\t\t\t\t\tonHoverStop:false\n\t\t\t\t\t\t\t\t},\n\t\t\t\t\t\t\t\tfallbacks: {\n\t\t\t\t\t\t\t\t\tallowHTML5AutoPlayOnAndroid:true\n\t\t\t\t\t\t\t\t},\n\t\t\t\t\t\t\t});\n\t\t\t\t\t\t}\n\t\t\t\t\t\t\n\t\t\t\t\t});\n\t\t\t\t\t} \/\/ End of RevInitScript\n\t\t\t\tvar once_revslider111 = false;\n\t\t\t\tif (document.readyState === \"loading\") {document.addEventListener('readystatechange',function() { if((document.readyState === \"interactive\" || document.readyState === \"complete\") && !once_revslider111 ) { once_revslider111 = true; revinit_revslider111();}});} else {once_revslider111 = true; revinit_revslider111();}\n\t\t\t\t<\/script>\n\t\t\t<\/rs-module-wrap>\n\t\t\t<!-- END REVOLUTION SLIDER -->\n<\/div>\r\r\n\r\r\n\t\t\t\t<\/div>\n\t\t\t\t<\/div>\n\t\t\t\t\t<\/div>\n\t\t\t\t<\/div>\n\t\t<div class=\"elementor-element elementor-element-5f848a5 e-flex e-con-boxed e-con e-parent\" data-id=\"5f848a5\" data-element_type=\"container\">\n\t\t\t\t\t<div class=\"e-con-inner\">\n\t\t\t\t<div class=\"elementor-element elementor-element-9aa68f0 elementor-widget elementor-widget-heading\" data-id=\"9aa68f0\" data-element_type=\"widget\" data-widget_type=\"heading.default\">\n\t\t\t\t<div class=\"elementor-widget-container\">\n\t\t\t<style>\/*! elementor - v3.22.0 - 24-06-2024 *\/\n.elementor-heading-title{padding:0;margin:0;line-height:1}.elementor-widget-heading .elementor-heading-title[class*=elementor-size-]>a{color:inherit;font-size:inherit;line-height:inherit}.elementor-widget-heading .elementor-heading-title.elementor-size-small{font-size:15px}.elementor-widget-heading .elementor-heading-title.elementor-size-medium{font-size:19px}.elementor-widget-heading .elementor-heading-title.elementor-size-large{font-size:29px}.elementor-widget-heading .elementor-heading-title.elementor-size-xl{font-size:39px}.elementor-widget-heading .elementor-heading-title.elementor-size-xxl{font-size:59px}<\/style><h2 class=\"elementor-heading-title elementor-size-default\">AVISO DE PRIVACIDAD<\/h2>\t\t<\/div>\n\t\t\t\t<\/div>\n\t\t\t\t\t<\/div>\n\t\t\t\t<\/div>\n\t\t<div class=\"elementor-element elementor-element-8923c7c e-flex e-con-boxed e-con e-parent\" data-id=\"8923c7c\" data-element_type=\"container\">\n\t\t\t\t\t<div class=\"e-con-inner\">\n\t\t\t\t<div class=\"elementor-element elementor-element-9c0f796 elementor-widget elementor-widget-text-editor\" data-id=\"9c0f796\" data-element_type=\"widget\" data-widget_type=\"text-editor.default\">\n\t\t\t\t<div class=\"elementor-widget-container\">\n\t\t\t<style>\/*! elementor - v3.22.0 - 24-06-2024 *\/\n.elementor-widget-text-editor.elementor-drop-cap-view-stacked .elementor-drop-cap{background-color:#69727d;color:#fff}.elementor-widget-text-editor.elementor-drop-cap-view-framed .elementor-drop-cap{color:#69727d;border:3px solid;background-color:transparent}.elementor-widget-text-editor:not(.elementor-drop-cap-view-default) .elementor-drop-cap{margin-top:8px}.elementor-widget-text-editor:not(.elementor-drop-cap-view-default) .elementor-drop-cap-letter{width:1em;height:1em}.elementor-widget-text-editor .elementor-drop-cap{float:left;text-align:center;line-height:1;font-size:50px}.elementor-widget-text-editor .elementor-drop-cap-letter{display:inline-block}<\/style>\t\t\t\tEn cumplimiento a la Ley Federal de Protecci\u00f3n de Datos Personales en Posesi\u00f3n de los\nParticulares (la \u201cLey\u201d), las sociedades denominadas \u201cRestaurante Porfirio\u2019s Cancun\u201d, S.A. de C.V.,\nen los sucesivo \u201cILIOS CANCUN\u201d, \u201cLos Anfitriones con Pasi\u00f3n\u201d, S.A. de C.V., en lo sucesivo \u201cILIOS\nPLAYA DEL CARMEN\u201d, \u201cPorfirio\u2019s Puerto Vallarta\u201d, S.A. de C.V., en lo sucesivo \u201cILIOS TULUM\u201d, y \u201cLa\nTercera Vicenta\u201d, S.A.P.I. de C.V., en lo sucesivo \u201cILIOS MASARYK\u201d sociedades nombradas en su\nconjunto como (\u201cILIOS\u201d), todas con domicilio ubicado en Avenida Bonampak, Puerto Canc\u00fan,\nSupermanzana 3, Manzana 27, Lote D1 2, Edificio Nido, Piso 5, C\u00f3digo Postal\n77500,\u00a0Canc\u00fan\u00a0Q.\u00a0Roo, en la ciudad de Canc\u00fan, Quintana Roo, son responsables del uso y\nprotecci\u00f3n de sus Datos Personales, y al respecto le informamos lo siguiente:\n\n<br><br>\n\nSus datos ser\u00e1n recabados y tratados bajo los principios de licitud, consentimiento, informaci\u00f3n,\ncalidad, finalidad, lealtad, proporcionalidad y responsabilidad, de conformidad con lo dispuesto\npor la Ley antes mencionada.\t\t\t\t\t\t<\/div>\n\t\t\t\t<\/div>\n\t\t\t\t\t<\/div>\n\t\t\t\t<\/div>\n\t\t<div class=\"elementor-element elementor-element-8025067 e-flex e-con-boxed e-con e-parent\" data-id=\"8025067\" data-element_type=\"container\">\n\t\t\t\t\t<div class=\"e-con-inner\">\n\t\t\t\t<div class=\"elementor-element elementor-element-471f42e elementor-widget elementor-widget-heading\" data-id=\"471f42e\" data-element_type=\"widget\" data-widget_type=\"heading.default\">\n\t\t\t\t<div class=\"elementor-widget-container\">\n\t\t\t<h2 class=\"elementor-heading-title elementor-size-default\">\u00bfPara qu\u00e9 fines utilizaremos sus Datos Personales?<\/h2>\t\t<\/div>\n\t\t\t\t<\/div>\n\t\t\t\t<div class=\"elementor-element elementor-element-66e753c elementor-widget elementor-widget-text-editor\" data-id=\"66e753c\" data-element_type=\"widget\" data-widget_type=\"text-editor.default\">\n\t\t\t\t<div class=\"elementor-widget-container\">\n\t\t\t\t\t\t\tLos Datos Personales que recabamos de usted, los utilizaremos para las siguientes finalidades que\nson necesarias para la prestaci\u00f3n de nuestros Servicios y el desarrollo de nuestras actividades:\t\t\t\t\t\t<\/div>\n\t\t\t\t<\/div>\n\t\t\t\t\t<\/div>\n\t\t\t\t<\/div>\n\t\t<div class=\"elementor-element elementor-element-c854c27 e-flex e-con-boxed e-con e-parent\" data-id=\"c854c27\" data-element_type=\"container\">\n\t\t\t\t\t<div class=\"e-con-inner\">\n\t\t\t\t<div class=\"elementor-element elementor-element-04aeae7 elementor-widget elementor-widget-heading\" data-id=\"04aeae7\" data-element_type=\"widget\" data-widget_type=\"heading.default\">\n\t\t\t\t<div class=\"elementor-widget-container\">\n\t\t\t<h2 class=\"elementor-heading-title elementor-size-default\">FINALIDADES PRIMARIAS:<\/h2>\t\t<\/div>\n\t\t\t\t<\/div>\n\t\t\t\t<div class=\"elementor-element elementor-element-f4c9f56 elementor-widget elementor-widget-text-editor\" data-id=\"f4c9f56\" data-element_type=\"widget\" data-widget_type=\"text-editor.default\">\n\t\t\t\t<div class=\"elementor-widget-container\">\n\t\t\t\t\t\t\tPara la prestaci\u00f3n de los Servicios que ofrece ILIOS, en cada uno de sus restaurantes (en adelante\nlos \u201cServicios\u201d). Para realizar el cobro y Facturaci\u00f3n de nuestros Servicios. Evaluar la calidad de\nnuestros Servicios. Atender sus opiniones, quejas y\/o sugerencias. Otorgarle descuentos en los\nRestaurantes. Contactarlo v\u00eda telef\u00f3nica, correo electr\u00f3nico, correo ordinario y cualquier otro\nmedio en relaci\u00f3n con los fines informativos y promocionales de la Empresa. Llenar los formatos\nconocidos como \u201cSurvey Pocket\u201d. Para cumplir disposiciones legales y obligaciones derivadas de la\nrelaci\u00f3n jur\u00eddica que tenga ILIOS con los Clientes.\n\n<br><br>\n\nDe manera adicional, utilizaremos su informaci\u00f3n personal para las siguientes finalidades que no\nson necesarias para el servicio solicitado, pero que nos permiten y facilitan brindarle una mejor\natenci\u00f3n:\t\t\t\t\t\t<\/div>\n\t\t\t\t<\/div>\n\t\t\t\t\t<\/div>\n\t\t\t\t<\/div>\n\t\t<div class=\"elementor-element elementor-element-fc03345 e-flex e-con-boxed e-con e-parent\" data-id=\"fc03345\" data-element_type=\"container\">\n\t\t\t\t\t<div class=\"e-con-inner\">\n\t\t\t\t<div class=\"elementor-element elementor-element-96cf192 elementor-widget elementor-widget-heading\" data-id=\"96cf192\" data-element_type=\"widget\" data-widget_type=\"heading.default\">\n\t\t\t\t<div class=\"elementor-widget-container\">\n\t\t\t<h2 class=\"elementor-heading-title elementor-size-default\">FINALIDADES SECUNDARIAS:<\/h2>\t\t<\/div>\n\t\t\t\t<\/div>\n\t\t\t\t<div class=\"elementor-element elementor-element-887623c elementor-widget elementor-widget-text-editor\" data-id=\"887623c\" data-element_type=\"widget\" data-widget_type=\"text-editor.default\">\n\t\t\t\t<div class=\"elementor-widget-container\">\n\t\t\t\t\t\t\tNoticias Gastron\u00f3micas. Publicidad y Promociones. Env\u00edo de invitaciones a nuestros eventos y\navisos publicitarios. Regalos. Llenado de encuestas de Satisfacci\u00f3n de Cliente. Fines estad\u00edsticos y\nde an\u00e1lisis interno.\n\n<br><br>\n\nEn caso de no estar de acuerdo con el tratamiento de sus Datos Personales sean tratados para\npara las finalidades secundarias, podr\u00e1 hacernos saber su negativa a trav\u00e9s de un escrito libre,\nenvi\u00e1ndolo por escrito a la direcci\u00f3n de ILIOS ubicada en: Avenida Bonampak, Puerto Canc\u00fan,\nSupermanzana 3, Manzana 27, Lote D1 2, Edificio Nido, Piso 5, C\u00f3digo Postal\n77500,\u00a0Canc\u00fan\u00a0Q.\u00a0Roo, en la ciudad de Canc\u00fan, Quintana Roo, o mediante un correo electr\u00f3nico a\nla siguiente direcci\u00f3n: avisodeprivacidad@andermail.com, expresando su negativa al tratamiento\nde sus Datos Personales, en los t\u00e9rminos que se detallan m\u00e1s adelante para el ejercicio de los\nDerechos ARCO que le asisten como Titular.\n\n<br><br>\n\nLa negativa para el uso de sus Datos Personales para estas finalidades secundarias, no podr\u00e1 ser\nun motivo para que le neguemos los productos y servicios que solicita o contrata con nosotros.\n\n<br><br>\n\nSi usted no manifiesta su negativa para tratar sus Datos Personales para las finalidades\nsecundarias, entenderemos que nos ha otorgado su consentimiento.\n\n<br><br>\n\nLa temporalidad del manejo de los Datos Personales de los Titulares, depender\u00e1 de la relaci\u00f3n que\ntengan con ILIOS, as\u00ed como de las obligaciones exigidas por la legislaci\u00f3n vigente las autoridades\ncompetentes y las pol\u00edticas internas de ILIOS.\t\t\t\t\t\t<\/div>\n\t\t\t\t<\/div>\n\t\t\t\t\t<\/div>\n\t\t\t\t<\/div>\n\t\t<div class=\"elementor-element elementor-element-02b6cc6 e-flex e-con-boxed e-con e-parent\" data-id=\"02b6cc6\" data-element_type=\"container\">\n\t\t\t\t\t<div class=\"e-con-inner\">\n\t\t\t\t<div class=\"elementor-element elementor-element-29bc65e elementor-widget elementor-widget-heading\" data-id=\"29bc65e\" data-element_type=\"widget\" data-widget_type=\"heading.default\">\n\t\t\t\t<div class=\"elementor-widget-container\">\n\t\t\t<h2 class=\"elementor-heading-title elementor-size-default\">\u00bfQu\u00e9 Datos Personales utilizaremos para estos fines?<\/h2>\t\t<\/div>\n\t\t\t\t<\/div>\n\t\t\t\t<div class=\"elementor-element elementor-element-eaf3e12 elementor-widget elementor-widget-text-editor\" data-id=\"eaf3e12\" data-element_type=\"widget\" data-widget_type=\"text-editor.default\">\n\t\t\t\t<div class=\"elementor-widget-container\">\n\t\t\t\t\t\t\tPara llevar a cabo las finalidades descritas en el presente Aviso de Privacidad, utilizaremos los\nsiguientes Datos Personales:\n\n<br><br>\n\n\u2013Datos de identificaci\u00f3n, como Nombre completo (identificaci\u00f3n oficial con fotograf\u00eda), lugar y\nFecha de Nacimiento, Edad, Sexo, Fotograf\u00eda, N\u00famero de Tel\u00e9fono Fijo o M\u00f3vil (particular), Fax\n(particular), Domicilio (particular y fiscal), la imagen del Titular al ingresar a las instalaciones de\nILIOS a trav\u00e9s de las c\u00e1maras de videovigilancia y seguridad), correo electr\u00f3nico, estado civil,\nRegistro Federal de Contribuyentes (RFC), Clave \u00danica de Registro de Poblaci\u00f3n (CURP).\n\n<br><br>\n\n\u2013Datos Laborales, como Ocupaci\u00f3n o actividad profesional, N\u00famero de Tel\u00e9fono fijo o m\u00f3vil\nlaboral, Correo Electr\u00f3nico Laboral, Fax laboral.\n\n<br><br>\n\n\u2013Datos de facturaci\u00f3n, referencia bancaria, domicilio fiscal, RFC.\n\n<br><br>\n\nEn ILIOS no manejamos ni solicitamos Datos Personales sensibles; entendi\u00e9ndose como tal:\naquellos Datos Personales que afecten a la esfera m\u00e1s \u00edntima de su Titular, o cuya utilizaci\u00f3n\nindebida pueda dar origen a discriminaci\u00f3n o conlleve un riesgo grave para \u00e9ste. En particular, se\nconsideran sensibles aquellos que puedan revelar aspectos como origen racial o \u00e9tnico, estado de\nsalud presente y futuro, informaci\u00f3n gen\u00e9tica, creencias religiosas, filos\u00f3ficas y morales, afiliaci\u00f3n\nsindical, opiniones pol\u00edticas, preferencia sexual.\n\n\n\t\t\t\t\t\t<\/div>\n\t\t\t\t<\/div>\n\t\t\t\t\t<\/div>\n\t\t\t\t<\/div>\n\t\t<div class=\"elementor-element elementor-element-72d6c6d e-flex e-con-boxed e-con e-parent\" data-id=\"72d6c6d\" data-element_type=\"container\">\n\t\t\t\t\t<div class=\"e-con-inner\">\n\t\t\t\t<div class=\"elementor-element elementor-element-c48a310 elementor-widget elementor-widget-heading\" data-id=\"c48a310\" data-element_type=\"widget\" data-widget_type=\"heading.default\">\n\t\t\t\t<div class=\"elementor-widget-container\">\n\t\t\t<h2 class=\"elementor-heading-title elementor-size-default\">\u00bfCon qui\u00e9n compartimos su informaci\u00f3n personal y para qu\u00e9 fines?<\/h2>\t\t<\/div>\n\t\t\t\t<\/div>\n\t\t\t\t<div class=\"elementor-element elementor-element-ddcda93 elementor-widget elementor-widget-text-editor\" data-id=\"ddcda93\" data-element_type=\"widget\" data-widget_type=\"text-editor.default\">\n\t\t\t\t<div class=\"elementor-widget-container\">\n\t\t\t\t\t\t\tLe informamos que sus Datos Personales son compartidos, dentro del pa\u00eds con las siguientes\npersonas, empresas, organizaciones y autoridades distintas a nosotros, para los siguientes fines:\n\n<br><br>\n\nDestinatario de los Datos Personales \/ Finalidad:\n\n<br><br>\n\nProveedor de Servicios de base de Datos por medio electr\u00f3nico \/ Encuestas Electr\u00f3nicas.\nAutoridades Locales, Estatales y Federales, as\u00ed como dependencias P\u00fablicas diversas y las que\nindique la ley \/ Cumplimiento de obligaciones que indique la ley. \/ Otros Restaurantes y tiendas\ndel Grupo Anderson\u2019s \/ Servicio. Su banco \/En su caso, para realizar el cobro de nuestros Servicios\ncon tarjeta de cr\u00e9dito y d\u00e9bito.\n\n<br><br>\n\nConsiento y autorizo que mis Datos Personales sean tratados y transferidos conforme a lo previsto\nen el presente Aviso de Privacidad.\n\n<br><br>\n\nSi usted no manifiesta su negativa para dichas transferencias, entenderemos que nos lo ha\notorgado.\n\t\t\t\t\t\t<\/div>\n\t\t\t\t<\/div>\n\t\t\t\t\t<\/div>\n\t\t\t\t<\/div>\n\t\t<div class=\"elementor-element elementor-element-1fa517d e-flex e-con-boxed e-con e-parent\" data-id=\"1fa517d\" data-element_type=\"container\">\n\t\t\t\t\t<div class=\"e-con-inner\">\n\t\t\t\t<div class=\"elementor-element elementor-element-848084b elementor-widget elementor-widget-heading\" data-id=\"848084b\" data-element_type=\"widget\" data-widget_type=\"heading.default\">\n\t\t\t\t<div class=\"elementor-widget-container\">\n\t\t\t<h2 class=\"elementor-heading-title elementor-size-default\">\u00bfCu\u00e1les son los derechos del Titular de los Datos Personales?<\/h2>\t\t<\/div>\n\t\t\t\t<\/div>\n\t\t\t\t<div class=\"elementor-element elementor-element-6e59b24 elementor-widget elementor-widget-text-editor\" data-id=\"6e59b24\" data-element_type=\"widget\" data-widget_type=\"text-editor.default\">\n\t\t\t\t<div class=\"elementor-widget-container\">\n\t\t\t\t\t\t\tConforme a lo se\u00f1alado en la Ley Federal de Protecci\u00f3n de Datos Personales en Posesi\u00f3n de los\nParticulares, a partir del 6 de enero de 2012, usted podr\u00e1 como Titular de Datos Personales,\nejercer los derechos de acceso, rectificaci\u00f3n, cancelaci\u00f3n y oposici\u00f3n, mismos que son conocidos\nbajo el acr\u00f3nimo de \u201cDerechos ARCO\u201d (siempre y cuando sea legalmente procedente). Asimismo,\npuede revocar, en todo momento, el consentimiento que haya otorgado y que fuere necesario\npara el tratamiento de sus Datos Personales, o limitar el uso o divulgaci\u00f3n de los mismos. En todos\nlos casos en que sea procedente su solicitud, la entrega de los Datos Personales ser\u00e1 gratuita, y\nusted deber\u00e1 cubrir \u00fanicamente los gastos justificados de env\u00edo o con el costo de reproducci\u00f3n en\ncopias u otros formatos que se generen como lo indica la Ley de la materia.\t\t\t\t\t\t<\/div>\n\t\t\t\t<\/div>\n\t\t\t\t\t<\/div>\n\t\t\t\t<\/div>\n\t\t<div class=\"elementor-element elementor-element-b65e358 e-flex e-con-boxed e-con e-parent\" data-id=\"b65e358\" data-element_type=\"container\">\n\t\t\t\t\t<div class=\"e-con-inner\">\n\t\t\t\t<div class=\"elementor-element elementor-element-b631123 elementor-widget elementor-widget-heading\" data-id=\"b631123\" data-element_type=\"widget\" data-widget_type=\"heading.default\">\n\t\t\t\t<div class=\"elementor-widget-container\">\n\t\t\t<h2 class=\"elementor-heading-title elementor-size-default\">\u00bfC\u00f3mo puede acceder, rectificar o cancelar sus Datos Personales, u oponerse a su uso?<\/h2>\t\t<\/div>\n\t\t\t\t<\/div>\n\t\t\t\t<div class=\"elementor-element elementor-element-c3f7ffe elementor-widget elementor-widget-text-editor\" data-id=\"c3f7ffe\" data-element_type=\"widget\" data-widget_type=\"text-editor.default\">\n\t\t\t\t<div class=\"elementor-widget-container\">\n\t\t\t\t\t\t\tUsted tiene derecho a conocer qu\u00e9 Datos Personales tenemos de usted, para qu\u00e9 los utilizamos y\nlas condiciones del uso que les damos (Acceso). Asimismo, es su derecho solicitar la correcci\u00f3n de\nsu informaci\u00f3n personal en caso de que est\u00e9 desactualizada, sea inexacta o incompleta\n(Rectificaci\u00f3n); que la eliminemos de nuestros registros o bases de datos cuando considere que la\nmisma no est\u00e1 siendo utilizada conforme a los principios, deberes y obligaciones previstas en la\nnormativa (Cancelaci\u00f3n); as\u00ed como oponerse al uso de sus Datos Personales para fines espec\u00edficos\n(Oposici\u00f3n). Estos derechos se conocen como derechos ARCO.\n\n<br><br>\n\nPara el ejercicio de cualquiera de los Derechos ARCO, es necesario que env\u00ede la solicitud por\nescrito a ILIOS, en su domicilio ubicado en: Avenida Bonampak, Puerto Canc\u00fan, Supermanzana 3,\nManzana 27, Lote D1 2, Edificio Nido, Piso 5, C\u00f3digo Postal 77500,\u00a0Canc\u00fan\u00a0Q.\u00a0Roo, en la ciudad de\nCanc\u00fan, Quintana Roo, o v\u00eda correo electr\u00f3nico a la direcci\u00f3n avisodeprivacidad@andermail.com,\nel cual solicitamos confirme v\u00eda telef\u00f3nica para garantizar su correcta recepci\u00f3n. Si requiere alguna\nayuda o asesor\u00eda de nuestra parte le pedimos sea tan amable de comunicarse a los tel\u00e9fonos (998)\n193 17 00 al 20, Ext. 2012 de lunes a viernes de 09:00 a.m. a 01:30 p.m., y de 03:00 p.m., a 06:00\np.m.\t\t\t\t\t\t<\/div>\n\t\t\t\t<\/div>\n\t\t\t\t\t<\/div>\n\t\t\t\t<\/div>\n\t\t<div class=\"elementor-element elementor-element-6da721f e-flex e-con-boxed e-con e-parent\" data-id=\"6da721f\" data-element_type=\"container\">\n\t\t\t\t\t<div class=\"e-con-inner\">\n\t\t\t\t<div class=\"elementor-element elementor-element-a84e3b0 elementor-widget elementor-widget-heading\" data-id=\"a84e3b0\" data-element_type=\"widget\" data-widget_type=\"heading.default\">\n\t\t\t\t<div class=\"elementor-widget-container\">\n\t\t\t<h2 class=\"elementor-heading-title elementor-size-default\">\u00bfC\u00f3mo puede revocar su consentimiento para el uso de sus Datos Personales?<\/h2>\t\t<\/div>\n\t\t\t\t<\/div>\n\t\t\t\t<div class=\"elementor-element elementor-element-30b4a91 elementor-widget elementor-widget-text-editor\" data-id=\"30b4a91\" data-element_type=\"widget\" data-widget_type=\"text-editor.default\">\n\t\t\t\t<div class=\"elementor-widget-container\">\n\t\t\t\t\t\t\tUsted puede revocar el consentimiento que, en su caso, nos haya otorgado para el tratamiento de\nsus Datos Personales. Sin embargo, es importante que tenga en cuenta que no en todos los casos\npodremos atender su solicitud o concluir el uso de forma inmediata, ya que es posible que por\nalguna obligaci\u00f3n legal requiramos seguir tratando sus Datos Personales. Asimismo, usted deber\u00e1\nconsiderar que para ciertos fines, la revocaci\u00f3n de su consentimiento implicar\u00e1 que no le podamos\nseguir prestando el servicio que nos solicit\u00f3, o la conclusi\u00f3n de su relaci\u00f3n con nosotros.\n\n<br><br>\n\nPara revocar su consentimiento deber\u00e1 presentar su solicitud en nuestras oficinas ubicadas en:\nILIOS, en su domicilio ubicado en: Avenida Bonampak, Puerto Canc\u00fan, Supermanzana 3, Manzana\n27, Lote D1 2, Edificio Nido, Piso 5, C\u00f3digo Postal 77500,\u00a0Canc\u00fan\u00a0Q.\u00a0Roo, en la ciudad de Canc\u00fan,\nQuintana Roo, o v\u00eda correo electr\u00f3nico a avisodeprivacidad@andermail.com el cual solicitamos\nconfirme v\u00eda telef\u00f3nica para garantizar su correcta recepci\u00f3n. Si requiere alguna ayuda o asesor\u00eda\n\nde nuestra parte le pedimos sea tan amable de comunicarse a los tel\u00e9fonos (998) 193 17 00 al 20,\nExt. 2012 de lunes a viernes de 09:00 a.m., a 01:30 p.m., y de 03:00 p.m., a 06:00 p.m.\n\n<br><br>\n\nLa revocaci\u00f3n del consentimiento puede efectuarse en cualquier momento, sin que se atribuyan\nefectos retroactivos. Para iniciar el proceso de revocaci\u00f3n, deber\u00e1 indicar de forma precisa el\nconsentimiento que desea revocar, mediante escrito enviado a la direcci\u00f3n antes indicada o al\ncorreo electr\u00f3nico: avisodeprivacidad@andermail.com. La solicitud, por escrito y\/o electr\u00f3nica, de\nacceso, rectificaci\u00f3n, cancelaci\u00f3n u oposici\u00f3n, deber\u00e1 contener y acompa\u00f1ar lo siguiente:\n\n<br><br>\n\nEl nombre del Titular y domicilio u otro medio para comunicarle la respuesta a su solicitud. Los\ndocumentos que acrediten la identidad o, en su caso, la representaci\u00f3n legal del Titular. La\ndescripci\u00f3n clara y precisa de los Datos Personales respecto de los que se busca ejercer alguno de\nlos derechos antes mencionados, y Cualquier otro elemento o documento que facilite la\nlocalizaci\u00f3n de los Datos Personales. Para el caso de las solicitudes de rectificaci\u00f3n el Titular\ndeber\u00e1 indicar las modificaciones a realizarse y aportar la documentaci\u00f3n que sustente su\npetici\u00f3n. ILIOS, comunicar\u00e1 al Titular en veinte d\u00edas h\u00e1biles, contados desde la fecha en que se\nrecibi\u00f3 la solicitud de acceso, rectificaci\u00f3n, cancelaci\u00f3n u oposici\u00f3n, la determinaci\u00f3n adoptada a\nefecto de que, si resulta procedente, se haga efectiva la misma dentro de los quince d\u00edas\nsiguientes a la fecha en que se comunica la respuesta. Trat\u00e1ndose de solicitudes de acceso a Datos\nPersonales, proceder\u00e1 la entrega, previa acreditaci\u00f3n de la identidad del solicitante o\nrepresentante legal, seg\u00fan corresponda. Los plazos, antes referidos, podr\u00e1n ser ampliados una\nsola vez por un periodo igual; siempre y cuando, as\u00ed lo justifiquen las circunstancias del caso.\n\n<br><br>\n\nLa obligaci\u00f3n, de acceso a la informaci\u00f3n, se dar\u00e1 por cumplida cuando se pongan a disposici\u00f3n del\nTitular los Datos Personales; o bien, mediante la expedici\u00f3n de copias simples, documentos\nelectr\u00f3nicos o cualquier otro medio que ILIOS provea al Titular.\n\n<br><br>\n\nEn el caso de que el Titular solicite el acceso, a los datos, a una persona que presume es el\nresponsable y \u00e9sta resulta no serlo, bastar\u00e1 con que as\u00ed se le indique al Titular por cualquiera de\nlos medios impresos (carta de no procedencia) o electr\u00f3nicos (correo electr\u00f3nico, medios \u00f3pticos,\netc.), para tener por cumplida la solicitud.\n\n<br><br>\n\nILIOS podr\u00e1 negar el acceso a los Datos Personales, o a realizar la rectificaci\u00f3n o cancelaci\u00f3n o\nconceder la oposici\u00f3n al tratamiento de los mismos, en los siguientes supuestos:\n\n<br><br>\n\nCuando el solicitante no sea el Titular de los Datos Personales, o el representante legal no est\u00e9\ndebidamente acreditado para ello. Cuando en su base de datos, no se encuentren los Datos\nPersonales del solicitante. Cuando se lesionen los derechos de un tercero. Cuando exista un\nimpedimento legal, o la resoluci\u00f3n de una autoridad competente, que restrinja el acceso a los\nDatos Personales, o no permita la rectificaci\u00f3n, cancelaci\u00f3n u oposici\u00f3n de los mismos. Cuando la\nrectificaci\u00f3n, cancelaci\u00f3n u oposici\u00f3n haya sido previamente realizada. La negativa anteriormente\nse\u00f1alada podr\u00e1 ser parcial en cuyo caso ILIOS efectuar\u00e1 el acceso, rectificaci\u00f3n, cancelaci\u00f3n u\noposici\u00f3n requerida por el Titular.\n\n<br><br>\n\nEn todos los casos anteriores, ILIOS deber\u00e1 informar el motivo de su decisi\u00f3n y comunicarla al\nTitular, o en su caso, al representante legal, en los plazos establecidos para tal efecto, por el\nmismo medio por el que se llev\u00f3 a cabo la solicitud, acompa\u00f1ando, en su caso, las pruebas que\nresulten pertinentes.\n\n<br><br>\n\nSe refiera a las partes de un Contrato Privado, social o administrativo y sean necesarios para su\ndesarrollo y cumplimiento. Deban ser tratados por disposici\u00f3n legal. Obstaculice actuaciones\njudiciales o administrativas vinculadas a obligaciones fiscales, la investigaci\u00f3n y persecuci\u00f3n de\ndelitos o la actualizaci\u00f3n de sanciones administrativas Sean necesarios para proteger los intereses\njur\u00eddicamente tutelados del Titular. Sean necesarios para realizar una acci\u00f3n en funci\u00f3n del inter\u00e9s\np\u00fablico. Sean necesarios para cumplir con una obligaci\u00f3n legalmente adquirida por el Titular. De\nresultar procedente la cancelaci\u00f3n, ILIOS establecer\u00e1 un periodo de bloqueo con el \u00fanico\nprop\u00f3sito de determinar posibles responsabilidades en relaci\u00f3n con su tratamiento hasta el plazo\nde prescripci\u00f3n legal o contractual de \u00e9stas, y notificarlo al Titular o a su representante en la\nrespuesta a la solicitud de cancelaci\u00f3n, que se emita dentro del plazo de veinte d\u00edas h\u00e1biles, llevar\na cabo el bloqueo en el plazo de quince d\u00edas h\u00e1biles y transcurrido el periodo de bloqueo, llevar a\ncabo la supresi\u00f3n correspondiente.\n\n<br><br>\n\nEl periodo de bloqueo ser\u00e1 hasta el plazo de prescripci\u00f3n legal o contractual correspondiente.\t\t\t\t\t\t<\/div>\n\t\t\t\t<\/div>\n\t\t\t\t\t<\/div>\n\t\t\t\t<\/div>\n\t\t<div class=\"elementor-element elementor-element-286ee66 e-flex e-con-boxed e-con e-parent\" data-id=\"286ee66\" data-element_type=\"container\">\n\t\t\t\t\t<div class=\"e-con-inner\">\n\t\t\t\t<div class=\"elementor-element elementor-element-d51334c elementor-widget elementor-widget-heading\" data-id=\"d51334c\" data-element_type=\"widget\" data-widget_type=\"heading.default\">\n\t\t\t\t<div class=\"elementor-widget-container\">\n\t\t\t<h2 class=\"elementor-heading-title elementor-size-default\">\u00bfC\u00f3mo puede limitar el uso o divulgaci\u00f3n de su informaci\u00f3n personal?<\/h2>\t\t<\/div>\n\t\t\t\t<\/div>\n\t\t\t\t<div class=\"elementor-element elementor-element-bb84aae elementor-widget elementor-widget-text-editor\" data-id=\"bb84aae\" data-element_type=\"widget\" data-widget_type=\"text-editor.default\">\n\t\t\t\t<div class=\"elementor-widget-container\">\n\t\t\t\t\t\t\tCon objeto de que usted pueda limitar el uso y divulgaci\u00f3n de su informaci\u00f3n personal, le\nofrecemos los siguientes medios:\n\n<br><br>\n\n1) Su inscripci\u00f3n en el Registro P\u00fablico para Evitar Publicidad, que est\u00e1 a cargo de la Procuradur\u00eda\nFederal del Consumidor, con la finalidad de que sus Datos Personales no sean utilizados para\nrecibir publicidad o promociones de empresas de bienes o Servicios. Para mayor informaci\u00f3n\nsobre este registro, usted puede consultar el portal de Internet de la PROFECO, o bien ponerse en\ncontacto directo con \u00e9sta.\n\n<br><br>\n\n2) Su registro en el listado de exclusi\u00f3n \u201cLISTA DE EXCLUSION ILIOS\u201d, a fin de que sus Datos\nPersonales no sean tratados para fines mercadot\u00e9cnicos, publicitarios o de prospecci\u00f3n comercial\npor nuestra parte. Para mayor informaci\u00f3n llamar al n\u00famero telef\u00f3nico (998) 193 17 00 al 20, Ext.\n2012 de lunes a viernes de 09:00 a.m., a 01:30 p.m., y de 03:00 p.m. a 06:00 p.m., o enviar un\ncorreo electr\u00f3nico a la siguiente direcci\u00f3n avisodeprivacidad@andermail.com.\n\n<br><br>\n\nEl uso de tecnolog\u00edas de rastreo en nuestro portal de Internet.}\n\n<br><br>\n\nEn nuestro portal de Internet podemos utilizar \u201ccookies\u201d, \u201cweb beacons\u201d y\/o elementos\ntecnol\u00f3gicos similares, para obtener informaci\u00f3n, como lo siguiente: (a) su tipo de navegador y\nsistema operativo; (b) p\u00e1ginas de internet que visita; (c) v\u00ednculos que sigue; (d) direcci\u00f3n de IP; (e)\nsitios que visit\u00f3 antes de entrar al nuestro; (f) reconocimiento de usuarios; (g) detectar\ninformaci\u00f3n destacada; y (h) medir algunos par\u00e1metros de tr\u00e1fico. El bot\u00f3n de \u201cayuda\u201d que se\nencuentra en la barra de herramientas de la mayor\u00eda de los navegadores, le dir\u00e1 c\u00f3mo evitar\naceptar nuevos cookies, c\u00f3mo hacer que el navegador le notifique cuando recibe un nuevo cookie\no c\u00f3mo deshabilitar todos los cookies.\n\n<br><br>\n\nExisten diversos sitios en la p\u00e1gina de ILIOS que pueden conectarse con otros sitios web que no\nfuncionan bajo las pol\u00edticas de privacidad de ILIOS; cuando usted se conecta a otros sitios web, las\npr\u00e1cticas de privacidad de ILIOS as\u00ed como el presente Aviso ya no tienen validez. Invitamos a los\n\nusuarios a revisar las pol\u00edticas de privacidad as\u00ed como el Aviso correspondiente de cada sitio antes\nde revelar cualquier informaci\u00f3n de identificaci\u00f3n personal.\n\t\t\t\t\t\t<\/div>\n\t\t\t\t<\/div>\n\t\t\t\t\t<\/div>\n\t\t\t\t<\/div>\n\t\t<div class=\"elementor-element elementor-element-cda321a e-flex e-con-boxed e-con e-parent\" data-id=\"cda321a\" data-element_type=\"container\">\n\t\t\t\t\t<div class=\"e-con-inner\">\n\t\t\t\t<div class=\"elementor-element elementor-element-6d75c86 elementor-widget elementor-widget-heading\" data-id=\"6d75c86\" data-element_type=\"widget\" data-widget_type=\"heading.default\">\n\t\t\t\t<div class=\"elementor-widget-container\">\n\t\t\t<h2 class=\"elementor-heading-title elementor-size-default\">\u00bfC\u00f3mo puede conocer los cambios a este Aviso de Privacidad?<\/h2>\t\t<\/div>\n\t\t\t\t<\/div>\n\t\t\t\t<div class=\"elementor-element elementor-element-c4f5f3b elementor-widget elementor-widget-text-editor\" data-id=\"c4f5f3b\" data-element_type=\"widget\" data-widget_type=\"text-editor.default\">\n\t\t\t\t<div class=\"elementor-widget-container\">\n\t\t\t\t\t\t\tEl presente Aviso de Privacidad puede sufrir modificaciones, cambios o actualizaciones derivadas\nde nuevos requerimientos legales; de nuestras propias necesidades por los productos o Servicios\nque ofrecemos; de nuestras pr\u00e1cticas de privacidad o de cambios en nuestro modelo de negocios,\no por otras causas.\n\n<br><br>\n\nNos reservamos el derecho de cambiar este Aviso de Privacidad en cualquier momento a\ndiscreci\u00f3n de sus administradores. La \u00faltima actualizaci\u00f3n en Pol\u00edticas de Privacidad, as\u00ed como\ncualquier cambio en el Aviso de Privacidad, podr\u00e1 consultarla en la direcci\u00f3n de la Sociedad citada\nal inicio del presente Aviso de Privacidad, o en el \u00e1rea de caja o recepci\u00f3n de cualquiera de\nnuestros establecimientos, sin que sea necesario comunicarle dicha modificaci\u00f3n al respecto a\nUsted en forma individual.\n\n<br><br>\n\n}Si el Titular proporciona sus Datos Personales significa que ha le\u00eddo, entendido y aceptado los\nt\u00e9rminos antes expuestos.\nPor lo anterior, otorgo mi consentimiento para que mis Datos Personales sean tratados de\nconformidad con los t\u00e9rminos y condiciones informados en el presente Aviso\u00a0de\u00a0Privacidad.\n\t\t\t\t\t\t<\/div>\n\t\t\t\t<\/div>\n\t\t\t\t\t<\/div>\n\t\t\t\t<\/div>\n\t\t\t\t<\/div>\n\t\t","protected":false},"excerpt":{"rendered":"<p>AVISO DE PRIVACIDAD En cumplimiento a la Ley Federal de Protecci\u00f3n de Datos Personales en Posesi\u00f3n de los Particulares (la \u201cLey\u201d), las sociedades denominadas \u201cRestaurante Porfirio\u2019s Cancun\u201d, S.A. de C.V., en los sucesivo \u201cILIOS CANCUN\u201d, \u201cLos Anfitriones con Pasi\u00f3n\u201d, S.A. de C.V., en lo sucesivo \u201cILIOS PLAYA DEL CARMEN\u201d, \u201cPorfirio\u2019s Puerto Vallarta\u201d, S.A. de C.V., [&hellip;]<\/p>\n","protected":false},"author":1,"featured_media":0,"parent":0,"menu_order":0,"comment_status":"closed","ping_status":"closed","template":"","meta":{"_acf_changed":false,"footnotes":""},"class_list":["post-1145","page","type-page","status-publish","hentry"],"acf":[],"yoast_head":"<!-- This site is optimized with the Yoast SEO plugin v25.6 - https:\/\/yoast.com\/wordpress\/plugins\/seo\/ -->\n<title>pol\u00edticas de privacidad - iliosrestaurante es<\/title>\n<meta name=\"robots\" content=\"index, follow, max-snippet:-1, max-image-preview:large, max-video-preview:-1\" \/>\n<link rel=\"canonical\" href=\"https:\/\/iliosrestaurante.com.mx\/es\/politicas-de-privacidad\/\" \/>\n<meta property=\"og:locale\" content=\"es_MX\" \/>\n<meta property=\"og:type\" content=\"article\" \/>\n<meta property=\"og:title\" content=\"pol\u00edticas de privacidad - iliosrestaurante es\" \/>\n<meta property=\"og:description\" content=\"AVISO DE PRIVACIDAD En cumplimiento a la Ley Federal de Protecci\u00f3n de Datos Personales en Posesi\u00f3n de los Particulares (la \u201cLey\u201d), las sociedades denominadas \u201cRestaurante Porfirio\u2019s Cancun\u201d, S.A. de C.V., en los sucesivo \u201cILIOS CANCUN\u201d, \u201cLos Anfitriones con Pasi\u00f3n\u201d, S.A. de C.V., en lo sucesivo \u201cILIOS PLAYA DEL CARMEN\u201d, \u201cPorfirio\u2019s Puerto Vallarta\u201d, S.A. de C.V., [&hellip;]\" \/>\n<meta property=\"og:url\" content=\"https:\/\/iliosrestaurante.com.mx\/es\/politicas-de-privacidad\/\" \/>\n<meta property=\"og:site_name\" content=\"iliosrestaurante es\" \/>\n<meta property=\"article:modified_time\" content=\"2024-07-08T18:40:43+00:00\" \/>\n<meta name=\"twitter:card\" content=\"summary_large_image\" \/>\n<meta name=\"twitter:label1\" content=\"Tiempo de lectura\" \/>\n\t<meta name=\"twitter:data1\" content=\"12 minutos\" \/>\n<script type=\"application\/ld+json\" class=\"yoast-schema-graph\">{\"@context\":\"https:\/\/schema.org\",\"@graph\":[{\"@type\":\"WebPage\",\"@id\":\"https:\/\/iliosrestaurante.com.mx\/es\/politicas-de-privacidad\/\",\"url\":\"https:\/\/iliosrestaurante.com.mx\/es\/politicas-de-privacidad\/\",\"name\":\"pol\u00edticas de privacidad - iliosrestaurante es\",\"isPartOf\":{\"@id\":\"https:\/\/iliosrestaurante.com.mx\/es\/#website\"},\"datePublished\":\"2024-07-08T17:04:42+00:00\",\"dateModified\":\"2024-07-08T18:40:43+00:00\",\"breadcrumb\":{\"@id\":\"https:\/\/iliosrestaurante.com.mx\/es\/politicas-de-privacidad\/#breadcrumb\"},\"inLanguage\":\"es\",\"potentialAction\":[{\"@type\":\"ReadAction\",\"target\":[\"https:\/\/iliosrestaurante.com.mx\/es\/politicas-de-privacidad\/\"]}]},{\"@type\":\"BreadcrumbList\",\"@id\":\"https:\/\/iliosrestaurante.com.mx\/es\/politicas-de-privacidad\/#breadcrumb\",\"itemListElement\":[{\"@type\":\"ListItem\",\"position\":1,\"name\":\"Inicio\",\"item\":\"https:\/\/iliosrestaurante.com.mx\/es\/\"},{\"@type\":\"ListItem\",\"position\":2,\"name\":\"pol\u00edticas de privacidad\"}]},{\"@type\":\"WebSite\",\"@id\":\"https:\/\/iliosrestaurante.com.mx\/es\/#website\",\"url\":\"https:\/\/iliosrestaurante.com.mx\/es\/\",\"name\":\"iliosrestaurante es\",\"description\":\"\",\"potentialAction\":[{\"@type\":\"SearchAction\",\"target\":{\"@type\":\"EntryPoint\",\"urlTemplate\":\"https:\/\/iliosrestaurante.com.mx\/es\/?s={search_term_string}\"},\"query-input\":{\"@type\":\"PropertyValueSpecification\",\"valueRequired\":true,\"valueName\":\"search_term_string\"}}],\"inLanguage\":\"es\"}]}<\/script>\n<!-- \/ Yoast SEO plugin. -->","yoast_head_json":{"title":"pol\u00edticas de privacidad - iliosrestaurante es","robots":{"index":"index","follow":"follow","max-snippet":"max-snippet:-1","max-image-preview":"max-image-preview:large","max-video-preview":"max-video-preview:-1"},"canonical":"https:\/\/iliosrestaurante.com.mx\/es\/politicas-de-privacidad\/","og_locale":"es_MX","og_type":"article","og_title":"pol\u00edticas de privacidad - iliosrestaurante es","og_description":"AVISO DE PRIVACIDAD En cumplimiento a la Ley Federal de Protecci\u00f3n de Datos Personales en Posesi\u00f3n de los Particulares (la \u201cLey\u201d), las sociedades denominadas \u201cRestaurante Porfirio\u2019s Cancun\u201d, S.A. de C.V., en los sucesivo \u201cILIOS CANCUN\u201d, \u201cLos Anfitriones con Pasi\u00f3n\u201d, S.A. de C.V., en lo sucesivo \u201cILIOS PLAYA DEL CARMEN\u201d, \u201cPorfirio\u2019s Puerto Vallarta\u201d, S.A. de C.V., [&hellip;]","og_url":"https:\/\/iliosrestaurante.com.mx\/es\/politicas-de-privacidad\/","og_site_name":"iliosrestaurante es","article_modified_time":"2024-07-08T18:40:43+00:00","twitter_card":"summary_large_image","twitter_misc":{"Tiempo de lectura":"12 minutos"},"schema":{"@context":"https:\/\/schema.org","@graph":[{"@type":"WebPage","@id":"https:\/\/iliosrestaurante.com.mx\/es\/politicas-de-privacidad\/","url":"https:\/\/iliosrestaurante.com.mx\/es\/politicas-de-privacidad\/","name":"pol\u00edticas de privacidad - iliosrestaurante es","isPartOf":{"@id":"https:\/\/iliosrestaurante.com.mx\/es\/#website"},"datePublished":"2024-07-08T17:04:42+00:00","dateModified":"2024-07-08T18:40:43+00:00","breadcrumb":{"@id":"https:\/\/iliosrestaurante.com.mx\/es\/politicas-de-privacidad\/#breadcrumb"},"inLanguage":"es","potentialAction":[{"@type":"ReadAction","target":["https:\/\/iliosrestaurante.com.mx\/es\/politicas-de-privacidad\/"]}]},{"@type":"BreadcrumbList","@id":"https:\/\/iliosrestaurante.com.mx\/es\/politicas-de-privacidad\/#breadcrumb","itemListElement":[{"@type":"ListItem","position":1,"name":"Inicio","item":"https:\/\/iliosrestaurante.com.mx\/es\/"},{"@type":"ListItem","position":2,"name":"pol\u00edticas de privacidad"}]},{"@type":"WebSite","@id":"https:\/\/iliosrestaurante.com.mx\/es\/#website","url":"https:\/\/iliosrestaurante.com.mx\/es\/","name":"iliosrestaurante es","description":"","potentialAction":[{"@type":"SearchAction","target":{"@type":"EntryPoint","urlTemplate":"https:\/\/iliosrestaurante.com.mx\/es\/?s={search_term_string}"},"query-input":{"@type":"PropertyValueSpecification","valueRequired":true,"valueName":"search_term_string"}}],"inLanguage":"es"}]}},"_links":{"self":[{"href":"https:\/\/iliosrestaurante.com.mx\/es\/wp-json\/wp\/v2\/pages\/1145","targetHints":{"allow":["GET"]}}],"collection":[{"href":"https:\/\/iliosrestaurante.com.mx\/es\/wp-json\/wp\/v2\/pages"}],"about":[{"href":"https:\/\/iliosrestaurante.com.mx\/es\/wp-json\/wp\/v2\/types\/page"}],"author":[{"embeddable":true,"href":"https:\/\/iliosrestaurante.com.mx\/es\/wp-json\/wp\/v2\/users\/1"}],"replies":[{"embeddable":true,"href":"https:\/\/iliosrestaurante.com.mx\/es\/wp-json\/wp\/v2\/comments?post=1145"}],"version-history":[{"count":55,"href":"https:\/\/iliosrestaurante.com.mx\/es\/wp-json\/wp\/v2\/pages\/1145\/revisions"}],"predecessor-version":[{"id":1206,"href":"https:\/\/iliosrestaurante.com.mx\/es\/wp-json\/wp\/v2\/pages\/1145\/revisions\/1206"}],"wp:attachment":[{"href":"https:\/\/iliosrestaurante.com.mx\/es\/wp-json\/wp\/v2\/media?parent=1145"}],"curies":[{"name":"wp","href":"https:\/\/api.w.org\/{rel}","templated":true}]}}